{"id":168,"date":"2016-04-08T02:07:00","date_gmt":"2016-04-08T00:07:00","guid":{"rendered":"http:\/\/www.viennaumzug.at\/umzug\/?page_id=168"},"modified":"2026-02-05T23:58:43","modified_gmt":"2026-02-05T22:58:43","slug":"preisliste-umzug-uebersiedlung","status":"publish","type":"page","link":"https:\/\/www.viennaumzug.at\/umzug\/preisliste-umzug-uebersiedlung\/","title":{"rendered":"Ihr Umzug mit uns: faire Preise, professionell und zuverl\u00e4ssig"},"content":{"rendered":"<p><img loading=\"lazy\" class=\"aligncenter size-full wp-image-169\" src=\"http:\/\/www.viennaumzug.at\/umzug\/wp-content\/uploads\/2016\/04\/viennaumzug-preise.jpg\" alt=\"Preisliste f\u00fcr den Umzug und \u00dcbersiedlung\" width=\"1280\" height=\"450\" srcset=\"https:\/\/www.viennaumzug.at\/umzug\/wp-content\/uploads\/2016\/04\/viennaumzug-preise.jpg 1280w, https:\/\/www.viennaumzug.at\/umzug\/wp-content\/uploads\/2016\/04\/viennaumzug-preise-300x105.jpg 300w, https:\/\/www.viennaumzug.at\/umzug\/wp-content\/uploads\/2016\/04\/viennaumzug-preise-1024x360.jpg 1024w, https:\/\/www.viennaumzug.at\/umzug\/wp-content\/uploads\/2016\/04\/viennaumzug-preise-768x270.jpg 768w\" sizes=\"(max-width: 1280px) 100vw, 1280px\" \/><\/p>\n<p><span style=\"color: #808080;\">Jeder, der schon einmal umgezogen ist, wei\u00df, dass dies mit einem erheblichen Arbeits- und Zeitaufwand sowie mitunter hohen Kosten einhergehen kann. Obwohl diese nat\u00fcrlich sehr individuell sind, zahlt sich eine gr\u00fcndliche und vorzeitige Planung im wahrsten Wortsinn aus. So vermeiden Sie unliebsame \u00dcberraschungen und behalten stets die volle Kontrolle \u00fcber Ihre Ausgaben. Gerne stehen wir Ihnen dabei zur Seite, wenn Sie sich professionelle Unterst\u00fctzung f\u00fcr Ihren <strong>Umzug<\/strong> w\u00fcnschen. Faire <strong>Preise<\/strong>, absolute Zuverl\u00e4ssigkeit und Professionalit\u00e4t sowie eine transparente Preisaufstellung sind f\u00fcr uns eine Selbstverst\u00e4ndlichkeit, mit der Sie rechnen k\u00f6nnen.<\/span><\/p>\n<p><span style=\"color: #808080;\">Wie sehr ein Umzug tats\u00e4chlich zu Buche schl\u00e4gt, h\u00e4ngt von vielen verschiedenen Faktoren ab, wie beispielsweise von der Gr\u00f6\u00dfe der Wohnung, der Anzahl der M\u00f6bel, der Distanz des Hauses zur Stra\u00dfe sowie von dem Umfang der Vorbereitungen und Leistungen, die Sie selbst beim Umzug ausf\u00fchren m\u00f6chten. Unsere Preise sind dementsprechend immer individuell auf unsere Kunden zugeschnitten. Damit Sie sich dennoch selbst ein Bild davon machen k\u00f6nnen, dass unsere Preise in jedem Fall konkurrenzf\u00e4hig sind und um Ihnen ein besseres Gef\u00fchl daf\u00fcr zu geben, welche Kosten auf Sie zukommen k\u00f6nnen, haben wir Ihnen eine Preisliste zusammengestellt.<\/span><\/p>\n<h2>F\u00fcr Ihren Umzug: unsere Preise im \u00dcberblick<\/h2>\n<p><span style=\"color: #808080;\">Bei all unseren Angeboten sind die folgenden Leistungen im Preis inbegriffen:<\/span><\/p>\n<ul>\n<li><span style=\"color: #808080;\"><strong><a title=\"Versicherungsschutz\" href=\"http:\/\/www.viennaumzug.at\/umzug\/versicherung-umzug\/\">Versicherungsschutz<\/a>: Transportversicherung bis 12.000 \u20ac<\/strong><\/span><\/li>\n<li><span style=\"color: #808080;\"><a title=\"Demontage und Montage\" href=\"http:\/\/www.viennaumzug.at\/umzug\/demontage-und-montage\/\">Demontage und Montage<\/a> von M\u00f6beln durch Fachkr\u00e4fte und eigenes Spezialwerkzeug<\/span><\/li>\n<li><span style=\"color: #808080;\">s\u00e4mtliche Hilfsmaterialien wie Werkzeug, Packdecken, Wagen, Hebehilfen und mehr<\/span><\/li>\n<li><span style=\"color: #808080;\">Volumengarantie: Sollte der Platz des Transportfahrzeugs nicht ausreichen, organisieren wir umgehend und f\u00fcr Sie kostenlos ein gr\u00f6\u00dferes oder zweites.<\/span><\/li>\n<\/ul>\n<p><strong><span style=\"color: #808080;\">\u00a0<\/span><\/strong><\/p>\n<p><span style=\"color: #808080;\">F\u00fcr das beim <a title=\"Umzug Verpackungsmaterial\" href=\"https:\/\/www.viennaumzug.at\/umzug\/verpackungsmaterial-umzug\/\">Umzug ben\u00f6tigte Verpackungsmaterial<\/a>, Spezialtransporte, Halteverbote und andere Serviceleistungen gelten die aufgef\u00fchrten zus\u00e4tzlichen Preise. Bei uns erwartet Sie kein Stockwerk- oder Wochenendzuschlag und f\u00fcr den Umzug im Raum Wien keine Extrakosten f\u00fcr An- und Abfahrt, Diesel oder Kilometer. F\u00fcr gr\u00f6\u00dfere Auftr\u00e4ge sowie nationale und internationale Transporte bieten wir Ihnen einen kostenlosen, unverbindlichen Besichtigungstermin an. Um einen Termin zu vereinbaren oder noch offene Fragen zu kl\u00e4ren, erreichen Sie uns telefonisch unter <a style=\"color: #ff0000; font-size: 20px; font-weight: bold;\" title=\"Anrufen\" href=\"tel:004369910935313\">+43 699 10 93 53 13<\/a> oder per Mail an <a title=\"E-Mail senden\" href=\"mailto:office@viennaumzug.at\">office@viennaumzug.at<\/a>.<\/span><\/p>\n<div class=\"hrule clearfix\"><\/div>\n<h4 style=\"padding-left: 30px;\"><span style=\"color: #808080;\"><strong>Unsere Preisliste<\/strong><\/span><\/h4>\n<div class=\"hrule clearfix\"><\/div>\n<div class=\"row\"> <div class=\"col-md-4\">\n<h3 class=\"p1\" style=\"text-align: center;\"><span class=\"s1\"><span style=\"color: #808080;\"><img loading=\"lazy\" class=\"aligncenter size-full wp-image-320\" src=\"http:\/\/www.viennaumzug.at\/umzug\/wp-content\/uploads\/2016\/04\/umzug-wien-preise.jpg\" alt=\"Umzug Preise Wien\" width=\"370\" height=\"460\" srcset=\"https:\/\/www.viennaumzug.at\/umzug\/wp-content\/uploads\/2016\/04\/umzug-wien-preise.jpg 370w, https:\/\/www.viennaumzug.at\/umzug\/wp-content\/uploads\/2016\/04\/umzug-wien-preise-241x300.jpg 241w\" sizes=\"(max-width: 370px) 100vw, 370px\" \/><span style=\"color: #b54c4c; font-family: 'arial black', sans-serif;\"><div class=\"hrule clearfix\"><\/div><span style=\"color: #00ccff;\"><span style=\"color: #038cfc;\">2 M\u00f6belpacker + LKW<\/span>\u00a0<\/span><\/span><\/span><\/span><\/h3>\n<p style=\"text-align: center;\"><div class=\"hrule clearfix\"><\/div>\n<p style=\"text-align: center;\"><span style=\"color: #03a1fc;\"><span style=\"font-family: 'arial black', sans-serif;\"><span style=\"font-size: 36pt;\"><strong>70\u20ac\/h<\/strong><\/span><\/span><\/span><\/p>\n<p style=\"text-align: center;\"><span style=\"font-size: 10pt;\">(inkl. 20% MwSt) Mindestbuchzeit: 2 Std.<\/span><\/p>\n<div class=\"hrule clearfix\"><\/div>\n<p style=\"text-align: center;\">Das <strong>TEAM A\u00a0\u201eBasis Angebot\u201c<\/strong> ist geeignet f\u00fcr die kleinere Umz\u00fcge z.B. WG und die Wohnungen bis 50m\u00b2 Gr\u00f6sse.<\/p>\n<div class=\"hrule clearfix\"><\/div>\n<p style=\"text-align: center;\"><a href=\"http:\/\/www.viennaumzug.at\/umzug\/anfrageumzug\/\" class=\"btn button btn-shortcode kad-btn kad-btn-primary\" id=\"kadbtn567\" target=\"_self\" style=\"color:#FFF;\">Anfragen oder Termin Vereinbaren<\/a>\n<\/div><div class=\"col-md-4\">\n<h3 class=\"p1\"><span class=\"s1\"><img loading=\"lazy\" class=\"aligncenter size-full wp-image-317\" src=\"http:\/\/www.viennaumzug.at\/umzug\/wp-content\/uploads\/2016\/04\/umzug-wien-preise-1.jpg\" alt=\"Umzug Preise \" width=\"370\" height=\"460\" srcset=\"https:\/\/www.viennaumzug.at\/umzug\/wp-content\/uploads\/2016\/04\/umzug-wien-preise-1.jpg 370w, https:\/\/www.viennaumzug.at\/umzug\/wp-content\/uploads\/2016\/04\/umzug-wien-preise-1-241x300.jpg 241w\" sizes=\"(max-width: 370px) 100vw, 370px\" \/><\/span><\/h3>\n<h3 class=\"p1\" style=\"text-align: center;\"><span class=\"s1\"><span style=\"color: #808080;\"><span style=\"color: #b54c4c; font-family: 'arial black', sans-serif;\"><div class=\"hrule clearfix\"><\/div><span style=\"color: #00ccff;\"><span style=\"color: #038cfc;\">3 M\u00f6belpacker + LKW<\/span>\u00a0<\/span><\/span><\/span><\/span><\/h3>\n<p style=\"text-align: center;\"><div class=\"hrule clearfix\"><\/div>\n<p style=\"text-align: center;\"><span style=\"color: #03a1fc;\"><span style=\"font-family: 'arial black', sans-serif;\"><span style=\"font-size: 36pt;\"><strong>90\u20ac\/h<\/strong><\/span><\/span><\/span><\/p>\n<p style=\"text-align: center;\"><span style=\"font-size: 10pt;\">(inkl. 20% MwSt) Mindestbuchzeit: 2 Std.<\/span><\/p>\n<div class=\"hrule clearfix\"><\/div>\n<p style=\"text-align: center;\">Das <strong>TEAM B \u201eStandard Angebot\u201c<\/strong>\u00a0ideal f\u00fcr die mittelgro\u00dfe Umz\u00fcge, die Wohnungen ab 60m\u00b2 Gr\u00f6sse, H\u00e4user und Villen.<\/p>\n<div class=\"hrule clearfix\"><\/div>\n<p style=\"text-align: center;\"><a href=\"http:\/\/www.viennaumzug.at\/umzug\/anfrageumzug\/\" class=\"btn button btn-shortcode kad-btn kad-btn-primary\" id=\"kadbtn947\" target=\"_self\" style=\"color:#FFF;\">Anfragen oder Termin Vereinbaren<\/a>\n<h3 class=\"p1\"><span class=\"s1\">\u00a0<\/span><\/h3>\n<\/div><div class=\"col-md-4\">\n<h3 class=\"p1\"><span class=\"s1\"><img loading=\"lazy\" class=\"aligncenter size-full wp-image-324\" src=\"http:\/\/www.viennaumzug.at\/umzug\/wp-content\/uploads\/2016\/04\/umzug-wien-preise-2b.jpg\" alt=\"Umzug und \u00dcbersiedlung Preise\" width=\"370\" height=\"460\" srcset=\"https:\/\/www.viennaumzug.at\/umzug\/wp-content\/uploads\/2016\/04\/umzug-wien-preise-2b.jpg 370w, https:\/\/www.viennaumzug.at\/umzug\/wp-content\/uploads\/2016\/04\/umzug-wien-preise-2b-241x300.jpg 241w\" sizes=\"(max-width: 370px) 100vw, 370px\" \/><\/span><\/h3>\n<h3 class=\"p1\" style=\"text-align: center;\"><span class=\"s1\"><span style=\"color: #808080;\"><span style=\"color: #b54c4c; font-family: 'arial black', sans-serif;\"><div class=\"hrule clearfix\"><\/div><span style=\"color: #038cfc;\">4 M\u00f6belpacker + LKW<\/span>\u00a0<\/span><\/span><\/span><\/h3>\n<p style=\"text-align: center;\"><div class=\"hrule clearfix\"><\/div>\n<p style=\"text-align: center;\"><span style=\"color: #03a1fc;\"><span style=\"font-family: 'arial black', sans-serif;\"><span style=\"font-size: 36pt;\"><strong>120\u20ac\/h<\/strong><\/span><\/span><\/span><\/p>\n<p style=\"text-align: center;\"><span style=\"font-size: 10pt;\">(inkl. 20% MwSt) Mindestbuchzeit: 2 Std.<\/span><\/p>\n<div class=\"hrule clearfix\"><\/div>\n<p style=\"text-align: center;\">Das <strong>TEAM C\u00a0&#8220;Profi Angebot&#8221;<\/strong> ist die richtige L\u00f6sung f\u00fcr die gr\u00f6\u00dfere Umz\u00fcge: die Wohnungen ab 100m\u00b2, Villen, H\u00e4user und <a href=\"http:\/\/www.viennaumzug.at\/umzug\/firmenumzug-bueroumzug\/\">Firmen-B\u00fcroumzug<\/a>.<\/p>\n<div class=\"hrule clearfix\"><\/div>\n<p style=\"text-align: center;\"><a href=\"http:\/\/www.viennaumzug.at\/umzug\/anfrageumzug\/\" class=\"btn button btn-shortcode kad-btn kad-btn-primary\" id=\"kadbtn944\" target=\"_self\" style=\"color:#FFF;\">Anfragen oder Termin Vereinbaren<\/a>\n<h3 class=\"p1\"><span class=\"s1\">\u00a0<\/span><\/h3>\n<\/div><\/div>\n<hr \/>\n<div class=\"row\"> <div class=\"col-md-6\">\n<h5><span style=\"color: #ff0000; font-family: arial, helvetica, sans-serif;\">ViennaUmzug \u00a0Service<\/span><\/h5>\n<table class=\"table table-responsive table-striped\" style=\"height: 96px;\">\n<tbody>\n<tr style=\"height: 24px;\">\n<td style=\"height: 24px; width: 562px;\"><span style=\"font-size: 10pt; font-family: arial, helvetica, sans-serif;\"><strong>je weiteren Mann<\/strong><\/span><\/td>\n<td style=\"text-align: right; height: 24px; width: 188px;\"><span style=\"font-size: 10pt; font-family: arial, helvetica, sans-serif;\"><strong>35\u20ac<\/strong><\/span><\/td>\n<\/tr>\n<tr style=\"height: 24px;\">\n<td style=\"height: 24px; width: 562px;\"><span style=\"font-size: 10pt; font-family: arial, helvetica, sans-serif;\"><strong>An-Abfahrt au\u00dferhalb Wien<\/strong><\/span><\/td>\n<td style=\"text-align: right; height: 24px; width: 188px;\"><span style=\"font-size: 10pt; font-family: arial, helvetica, sans-serif;\"><strong>1 Std.<\/strong><\/span><\/td>\n<\/tr>\n<tr style=\"height: 24px;\">\n<td style=\"height: 24px; width: 562px;\"><span style=\"font-size: 10pt; font-family: arial, helvetica, sans-serif;\"><strong>Facharbeiter<\/strong><\/span><\/td>\n<td style=\"text-align: right; height: 24px; width: 188px;\"><span style=\"font-size: 10pt; font-family: arial, helvetica, sans-serif;\"><strong>70\u20ac Std.<\/strong><\/span><\/td>\n<\/tr>\n<tr style=\"height: 24px;\">\n<td style=\"height: 24px; width: 562px;\"><span style=\"font-size: 10pt; font-family: arial, helvetica, sans-serif;\"><strong>Kilometergeld au\u00dferhalb Wien<\/strong><\/span><\/td>\n<td style=\"text-align: right; height: 24px; width: 188px;\"><span style=\"font-size: 10pt; font-family: arial, helvetica, sans-serif;\"><strong>2\u20ac \/ km<\/strong><\/span><\/td>\n<\/tr>\n<\/tbody>\n<\/table>\n<\/div><div class=\"col-md-6\">\n<h5><span style=\"color: #ff0000; font-family: arial, helvetica, sans-serif;\">Verpackungsmaterial<\/span><\/h5>\n<table class=\" table table-responsive table-striped\">\n<tbody>\n<tr>\n<td><span style=\"font-family: arial, helvetica, sans-serif;\"><span style=\"font-size: 13.3333px;\"><b>Luftpolsterfolie 3-lagig<\/b><\/span><\/span><\/td>\n<td style=\"text-align: right;\"><span style=\"font-size: 10pt; font-family: arial, helvetica, sans-serif;\"><strong>2\u20ac \/ lm<\/strong><\/span><\/td>\n<\/tr>\n<tr>\n<td><span style=\"font-family: arial, helvetica, sans-serif;\"><span style=\"font-size: 13.3333px;\"><b>Stretchfolie<\/b><\/span><\/span><\/td>\n<td style=\"text-align: right;\"><span style=\"font-family: arial, helvetica, sans-serif;\"><span style=\"font-size: 13.3333px;\"><b>30\u20ac je Rolle<\/b><\/span><\/span><\/td>\n<\/tr>\n<tr>\n<td><span style=\"font-size: 10pt; font-family: arial, helvetica, sans-serif;\"><strong>Seidenpapier<\/strong><\/span><\/td>\n<td style=\"text-align: right;\"><span style=\"font-family: arial, helvetica, sans-serif;\"><span style=\"font-size: 13.3333px;\"><b>20\u20ac je kg\u00a0<\/b><\/span><\/span><\/td>\n<\/tr>\n<tr>\n<td><span style=\"font-size: 10pt; font-family: arial, helvetica, sans-serif;\"><strong>Klebeband<\/strong><\/span><\/td>\n<td style=\"text-align: right;\"><span style=\"font-family: arial, helvetica, sans-serif;\"><span style=\"font-size: 13.3333px;\"><b>3\u20ac je Rolle<\/b><\/span><\/span><\/td>\n<\/tr>\n<\/tbody>\n<\/table>\n<\/div><\/div>\n<div class=\"hrule clearfix\"><\/div>\n<div class=\"row\"> <div class=\"col-md-6\">\n<h5><span style=\"color: #ff0000; font-family: arial, helvetica, sans-serif;\">Spezialtransporte<\/span><\/h5>\n<table class=\"table table-responsive table-striped\">\n<tbody>\n<tr>\n<td><span style=\"font-size: 10pt; font-family: arial, helvetica, sans-serif;\"><span style=\"font-size: 10pt; font-family: arial, helvetica, sans-serif;\"><strong>Pianini\/Piano\u00a0<\/strong><\/span><\/span><span style=\"font-size: 10pt; font-family: arial, helvetica, sans-serif; color: #808080;\"><em>(bis 150 kg)<\/em><\/span><\/td>\n<td style=\"text-align: right;\"><span style=\"font-size: 10pt; font-family: arial, helvetica, sans-serif;\"><strong>180\u20ac + 40\u20ac Etagenzuschlag<\/strong><\/span><\/td>\n<\/tr>\n<tr>\n<td><span style=\"font-family: arial, helvetica, sans-serif;\"><span style=\"font-family: arial, helvetica, sans-serif;\"><span style=\"font-size: 13.3333px;\"><b>Sturzfl\u00fcgel\u00a0<\/b><\/span><\/span><\/span><span style=\"font-family: arial, helvetica, sans-serif; color: #808080;\"><span style=\"font-size: 13.3333px;\"><em>(ab 150 kg bis 200 kg)<\/em><\/span><\/span><\/td>\n<td style=\"text-align: right;\"><span style=\"font-size: 10pt; font-family: arial, helvetica, sans-serif;\"><strong>260\u20ac + 40\u20ac Etagenzuschlag<\/strong><\/span><\/td>\n<\/tr>\n<tr>\n<td><span style=\"font-size: 10pt; font-family: arial, helvetica, sans-serif;\"><strong>Fl\u00fcgel\/Piano <\/strong><span style=\"color: #808080;\"><em>(ab 200 kg)<\/em><\/span><\/span><\/td>\n<td style=\"text-align: right;\"><span style=\"font-size: 10pt; font-family: arial, helvetica, sans-serif;\"><strong>350\u20ac + 50\u20ac Etagenzuschlag<\/strong><\/span><\/td>\n<\/tr>\n<tr>\n<td><span style=\"font-family: arial, helvetica, sans-serif;\"><span style=\"font-size: 13.3333px;\"><b>Sonstige Schweretransporte<\/b><\/span><\/span><\/td>\n<td style=\"text-align: right;\"><a href=\"http:\/\/www.viennaumzug.at\/umzug\/anfrageumzug\/\"><span style=\"font-family: arial, helvetica, sans-serif;\"><span style=\"font-size: 13.3333px;\"><b>Auf Anfrage<\/b><\/span><\/span><\/a><\/td>\n<\/tr>\n<\/tbody>\n<\/table>\n<\/div><div class=\"col-md-6\">\n<h5><span style=\"color: #ff0000; font-family: arial, helvetica, sans-serif;\">Halteverbot f\u00fcr Wien<\/span><\/h5>\n<table class=\" table table-responsive table-striped\" style=\"width: 100%;\">\n<tbody>\n<tr>\n<td style=\"width: 73.8667%;\"><span style=\"font-family: arial, helvetica, sans-serif;\"><span style=\"font-family: arial, helvetica, sans-serif;\"><span style=\"font-size: 13.3333px;\"><b>eine Adresse\u00a0<\/b><\/span><\/span><\/span><em><span style=\"font-family: arial, helvetica, sans-serif; color: #808080;\"><span style=\"font-size: 13.3333px;\">( Innerhalb Wien )<\/span><\/span><\/em><\/td>\n<td style=\"text-align: right; width: 25.0667%;\"><span style=\"font-size: 10pt; font-family: arial, helvetica, sans-serif;\"><strong>150\u20ac\u00a0<\/strong><\/span><\/td>\n<\/tr>\n<tr>\n<td style=\"width: 73.8667%;\"><span style=\"font-family: arial, helvetica, sans-serif;\"><span style=\"font-size: 13.3333px;\"><b>zwei Adressen<\/b><span style=\"color: #808080;\"><em> ( Innerhalb Wien )<\/em><\/span><\/span><\/span><\/td>\n<td style=\"text-align: right; width: 25.0667%;\"><span style=\"font-family: arial, helvetica, sans-serif;\"><span style=\"font-size: 13.3333px;\"><b>280\u20ac\u00a0<\/b><\/span><\/span><\/td>\n<\/tr>\n<tr>\n<td style=\"width: 98.9333%;\" colspan=\"2\"><span style=\"font-family: arial, helvetica, sans-serif;\"><span style=\"font-size: 13.3333px;\"><span style=\"font-family: arial, helvetica, sans-serif; font-size: 8pt; color: #808080;\">der Preis inkl. Arbeitsstunde, Antrag, Aufstellung, Schilder, Anmeldung, Abmeldung und Entfernung der Schilder<\/span><b>\u00a0<\/b><\/span><\/span><\/td>\n<\/tr>\n<\/tbody>\n<\/table>\n<\/div><\/div>\n<ul>\n<li><span style=\"font-size: 9pt; font-family: arial, helvetica, sans-serif;\"><strong>*Alle Preise\u00a0inkl. 20% MwSt.<\/strong><\/span><\/li>\n<li><span style=\"font-size: 9pt; font-family: arial, helvetica, sans-serif;\"><strong>*2 Stunden Mindestbuchungszeit<\/strong><\/span><\/li>\n<\/ul>\n<div class=\"hrule clearfix\"><\/div>\n<p style=\"text-align: center;\"><a href=\"http:\/\/www.viennaumzug.at\/umzug\/anfrageumzug\/\" class=\"btn button btn-shortcode kad-btn kad-btn-primary\" id=\"kadbtn508\" target=\"_self\" style=\"color:#FFF;\">Termin Vreinbaren<\/a>\n\n<div class=\"saswp-r\"><input type=\"hidden\" id=\"saswp_fomo_interval\" value=\"5\"><div id=\"0\" class=\"saswp-r5\"><div class=\"saswp-r5-r\"><div class=\"saswp-r5-lg\"><span><img loading=\"lazy\" alt=\"Google\" height=\"70\" width=\"70\" src=\"https:\/\/www.viennaumzug.at\/umzug\/wp-content\/plugins\/schema-and-structured-data-for-wp\/admin_section\/images\/reviews_platform_icon\/google-img.png\"\/><\/span><\/div><div class=\"saswp-r5-rng\"><div class=\"saswp-rvw-str\"><span class=\"str-ic\"><\/span><span class=\"str-ic\"><\/span><span class=\"str-ic\"><\/span><span class=\"str-ic\"><\/span><span class=\"str-ic\"><\/span><\/div><div class=\"saswp-r5-txrng\"><span>5 Stars<\/span><span>by<\/span><span>Martin Schreiter<\/span><\/div><span class=\"saswp-r5-dt\"><\/span><\/div><\/div><\/div><div id=\"1\" class=\"saswp-r5\"><div class=\"saswp-r5-r\"><div class=\"saswp-r5-lg\"><span><img loading=\"lazy\" alt=\"Google\" height=\"70\" width=\"70\" src=\"https:\/\/www.viennaumzug.at\/umzug\/wp-content\/plugins\/schema-and-structured-data-for-wp\/admin_section\/images\/reviews_platform_icon\/google-img.png\"\/><\/span><\/div><div class=\"saswp-r5-rng\"><div class=\"saswp-rvw-str\"><span class=\"str-ic\"><\/span><span class=\"str-ic\"><\/span><span class=\"str-ic\"><\/span><span class=\"str-ic\"><\/span><span class=\"str-ic\"><\/span><\/div><div class=\"saswp-r5-txrng\"><span>5 Stars<\/span><span>by<\/span><span>Lisa Hofst\u00e4tter<\/span><\/div><span class=\"saswp-r5-dt\"><\/span><\/div><\/div><\/div><div id=\"2\" class=\"saswp-r5\"><div class=\"saswp-r5-r\"><div class=\"saswp-r5-lg\"><span><img loading=\"lazy\" alt=\"Google\" height=\"70\" width=\"70\" src=\"https:\/\/www.viennaumzug.at\/umzug\/wp-content\/plugins\/schema-and-structured-data-for-wp\/admin_section\/images\/reviews_platform_icon\/google-img.png\"\/><\/span><\/div><div class=\"saswp-r5-rng\"><div class=\"saswp-rvw-str\"><span class=\"str-ic\"><\/span><span class=\"str-ic\"><\/span><span class=\"str-ic\"><\/span><span class=\"str-ic\"><\/span><span class=\"str-ic\"><\/span><\/div><div class=\"saswp-r5-txrng\"><span>5 Stars<\/span><span>by<\/span><span>Rainer Sigl<\/span><\/div><span class=\"saswp-r5-dt\"><\/span><\/div><\/div><\/div><div id=\"3\" class=\"saswp-r5\"><div class=\"saswp-r5-r\"><div class=\"saswp-r5-lg\"><span><img loading=\"lazy\" alt=\"Google\" height=\"70\" width=\"70\" src=\"https:\/\/www.viennaumzug.at\/umzug\/wp-content\/plugins\/schema-and-structured-data-for-wp\/admin_section\/images\/reviews_platform_icon\/google-img.png\"\/><\/span><\/div><div class=\"saswp-r5-rng\"><div class=\"saswp-rvw-str\"><span class=\"str-ic\"><\/span><span class=\"str-ic\"><\/span><span class=\"str-ic\"><\/span><span class=\"str-ic\"><\/span><span class=\"str-ic\"><\/span><\/div><div class=\"saswp-r5-txrng\"><span>5 Stars<\/span><span>by<\/span><span>Nina Borufka<\/span><\/div><span class=\"saswp-r5-dt\"><\/span><\/div><\/div><\/div><div id=\"4\" class=\"saswp-r5\"><div class=\"saswp-r5-r\"><div class=\"saswp-r5-lg\"><span><img loading=\"lazy\" alt=\"Google\" height=\"70\" width=\"70\" src=\"https:\/\/www.viennaumzug.at\/umzug\/wp-content\/plugins\/schema-and-structured-data-for-wp\/admin_section\/images\/reviews_platform_icon\/google-img.png\"\/><\/span><\/div><div class=\"saswp-r5-rng\"><div class=\"saswp-rvw-str\"><span class=\"str-ic\"><\/span><span class=\"str-ic\"><\/span><span class=\"str-ic\"><\/span><span class=\"str-ic\"><\/span><span class=\"str-ic\"><\/span><\/div><div class=\"saswp-r5-txrng\"><span>5 Stars<\/span><span>by<\/span><span>Maja Soronda<\/span><\/div><span class=\"saswp-r5-dt\"><\/span><\/div><\/div><\/div><\/div>","protected":false},"excerpt":{"rendered":"<p>Jeder, der schon einmal umgezogen ist, wei\u00df, dass dies mit einem erheblichen Arbeits- und Zeitaufwand sowie mitunter hohen Kosten einhergehen kann. Obwohl diese nat\u00fcrlich sehr individuell sind, zahlt sich eine gr\u00fcndliche und vorzeitige Planung im wahrsten Wortsinn aus. So vermeiden &hellip; <a href=\"https:\/\/www.viennaumzug.at\/umzug\/preisliste-umzug-uebersiedlung\/\">Weiter<\/a><\/p>\n","protected":false},"author":2,"featured_media":0,"parent":0,"menu_order":0,"comment_status":"closed","ping_status":"closed","template":"page-fullwidth.php","meta":{"kt_blocks_editor_width":""},"featured_image_urls":{"full":"","thumbnail":"","medium":"","medium_large":"","large":"","1536x1536":"","2048x2048":"","widget-thumb":""},"post_excerpt_stackable":"<p>Jeder, der schon einmal umgezogen ist, wei\u00df, dass dies mit einem erheblichen Arbeits- und Zeitaufwand sowie mitunter hohen Kosten einhergehen kann. Obwohl diese nat\u00fcrlich sehr individuell sind, zahlt sich eine gr\u00fcndliche und vorzeitige Planung im wahrsten Wortsinn aus. So vermeiden Sie unliebsame \u00dcberraschungen und behalten stets die volle Kontrolle \u00fcber Ihre Ausgaben. Gerne stehen wir Ihnen dabei zur Seite, wenn Sie sich professionelle Unterst\u00fctzung f\u00fcr Ihren Umzug w\u00fcnschen. Faire Preise, absolute Zuverl\u00e4ssigkeit und Professionalit\u00e4t sowie eine transparente Preisaufstellung sind f\u00fcr uns eine Selbstverst\u00e4ndlichkeit, mit der Sie rechnen k\u00f6nnen. Wie sehr ein Umzug tats\u00e4chlich zu Buche schl\u00e4gt, h\u00e4ngt von vielen verschiedenen&hellip;<\/p>\n","category_list":"","author_info":{"name":"ViennaUmzug","url":"https:\/\/www.viennaumzug.at\/umzug\/author\/viennaumzug\/"},"comments_num":"0 comments","featured_image_urls_v2":{"full":"","thumbnail":"","medium":"","medium_large":"","large":"","1536x1536":"","2048x2048":"","widget-thumb":""},"post_excerpt_stackable_v2":"<p>Jeder, der schon einmal umgezogen ist, wei\u00df, dass dies mit einem erheblichen Arbeits- und Zeitaufwand sowie mitunter hohen Kosten einhergehen kann. Obwohl diese nat\u00fcrlich sehr individuell sind, zahlt sich eine gr\u00fcndliche und vorzeitige Planung im wahrsten Wortsinn aus. So vermeiden Sie unliebsame \u00dcberraschungen und behalten stets die volle Kontrolle \u00fcber Ihre Ausgaben. Gerne stehen wir Ihnen dabei zur Seite, wenn Sie sich professionelle Unterst\u00fctzung f\u00fcr Ihren Umzug w\u00fcnschen. Faire Preise, absolute Zuverl\u00e4ssigkeit und Professionalit\u00e4t sowie eine transparente Preisaufstellung sind f\u00fcr uns eine Selbstverst\u00e4ndlichkeit, mit der Sie rechnen k\u00f6nnen. Wie sehr ein Umzug tats\u00e4chlich zu Buche schl\u00e4gt, h\u00e4ngt von vielen verschiedenen&hellip;<\/p>\n","category_list_v2":"","author_info_v2":{"name":"ViennaUmzug","url":"https:\/\/www.viennaumzug.at\/umzug\/author\/viennaumzug\/"},"comments_num_v2":"0 comments","amp_enabled":false,"_links":{"self":[{"href":"https:\/\/www.viennaumzug.at\/umzug\/wp-json\/wp\/v2\/pages\/168"}],"collection":[{"href":"https:\/\/www.viennaumzug.at\/umzug\/wp-json\/wp\/v2\/pages"}],"about":[{"href":"https:\/\/www.viennaumzug.at\/umzug\/wp-json\/wp\/v2\/types\/page"}],"author":[{"embeddable":true,"href":"https:\/\/www.viennaumzug.at\/umzug\/wp-json\/wp\/v2\/users\/2"}],"replies":[{"embeddable":true,"href":"https:\/\/www.viennaumzug.at\/umzug\/wp-json\/wp\/v2\/comments?post=168"}],"version-history":[{"count":120,"href":"https:\/\/www.viennaumzug.at\/umzug\/wp-json\/wp\/v2\/pages\/168\/revisions"}],"predecessor-version":[{"id":2472,"href":"https:\/\/www.viennaumzug.at\/umzug\/wp-json\/wp\/v2\/pages\/168\/revisions\/2472"}],"wp:attachment":[{"href":"https:\/\/www.viennaumzug.at\/umzug\/wp-json\/wp\/v2\/media?parent=168"}],"curies":[{"name":"wp","href":"https:\/\/api.w.org\/{rel}","templated":true}]}}