{"id":221,"date":"2016-04-11T01:16:37","date_gmt":"2016-04-10T23:16:37","guid":{"rendered":"http:\/\/www.viennaumzug.at\/umzug\/?page_id=221"},"modified":"2022-04-25T14:01:26","modified_gmt":"2022-04-25T12:01:26","slug":"demontage-und-montage","status":"publish","type":"page","link":"https:\/\/www.viennaumzug.at\/umzug\/demontage-und-montage\/","title":{"rendered":"Demontage und Montage"},"content":{"rendered":"<p><img loading=\"lazy\" class=\"aligncenter size-full wp-image-240\" src=\"http:\/\/www.viennaumzug.at\/umzug\/wp-content\/uploads\/2016\/04\/umzug-demontage-und-montage.jpg\" alt=\"umzug-demontage-und-montage\" width=\"1280\" height=\"450\" srcset=\"https:\/\/www.viennaumzug.at\/umzug\/wp-content\/uploads\/2016\/04\/umzug-demontage-und-montage.jpg 1280w, https:\/\/www.viennaumzug.at\/umzug\/wp-content\/uploads\/2016\/04\/umzug-demontage-und-montage-300x105.jpg 300w, https:\/\/www.viennaumzug.at\/umzug\/wp-content\/uploads\/2016\/04\/umzug-demontage-und-montage-1024x360.jpg 1024w, https:\/\/www.viennaumzug.at\/umzug\/wp-content\/uploads\/2016\/04\/umzug-demontage-und-montage-768x270.jpg 768w\" sizes=\"(max-width: 1280px) 100vw, 1280px\" \/><\/p>\n<h3>M\u00f6bel Demontage und Montage. Das wichtigste ist Ruhe und Ordnung!<\/h3>\n<p style=\"text-align: justify;\"><span style=\"color: #808080;\"><strong>Fachgerechte Montage mit eigenem Haustischler:\u00a0<\/strong>Wir haben uns auf eine fachgerechte Montage und Demontage von K\u00fcchen und M\u00f6beln spezialisiert. Egal, welche Spezial- oder Designerm\u00f6bel wir f\u00fcr Sie transportieren: Unsere Tischler\u00a0bauen alles\u00a0fachgerecht ab und wieder auf. Selbstverst\u00e4ndlich holen wir auch Ihre neuen M\u00f6bel vom M\u00f6belhaus ab, bauen diese an ihrem Bestimmungsort auf oder lagern sie auf Wunsch in unseren abschlie\u00dfbaren Lagerr\u00e4umen.\u00a0Wir achten auf schonende\u00a0Verpackung und einen sicheren Transport.\u00a0<\/span><\/p>\n<p style=\"text-align: justify;\"><span style=\"color: #808080;\"><em>Montagearbeiten<\/em>\u00a0erfolgen mit bester handwerklicher Ausf\u00fchrung zu einem unschlagbar g\u00fcnstigen Preis.\u00a0Der perfekte<a href=\"http:\/\/www.viennaumzug.at\/umzug\/\"> Umzug<\/a> inklusive Demontage und Montage beginnt mit der <a href=\"http:\/\/www.viennaumzug.at\/umzug\/umzug-beratung\/\">Planung<\/a>. Die M\u00f6bel selbst werden in Augenschein genommen, ebenso wie der Inhalt, danach richten sich die Gr\u00f6\u00dfe des Lkws und die Anzahl der Kisten. Egal, ob es sich um Neuanschaffungen oder Gebrauchte M\u00f6bel handelt. Alle unsere Monteure haben langj\u00e4hrige Erfahrung in der Montage von Wohn-und <a href=\"http:\/\/www.viennaumzug.at\/umzug\/firmenumzug-bueroumzug\/\">B\u00fcrom\u00f6bel<\/a>.<\/span><\/p>\n<h3>M\u00f6belmontagen, K\u00fcchenmontage, PAX Schr\u00e4nke uvm.<\/h3>\n<p style=\"text-align: justify;\"><span style=\"color: #808080;\">ViennaUmzug bietet Ihnen aus diesem Grund eine professionelle M\u00f6bel Montage &amp; Demontage an. Sie k\u00f6nnen Ihren Schrank selbst zerlegen, aber wie oft haben Sie das schon gemacht? Eben, aber f\u00fcr unsere Monteure ist das t\u00e4gliches Handwerk. Wir kennen die meisten Schrankbau Varianten\u00a0<span style=\"color: #1c90e8; font-family: 'comic sans ms', sans-serif;\">(P. Max, Interio, Ikea, XXXLutz&#8230;.) <\/span>und wissen \u00fcber deren T\u00fccken und Schwachstellen Bescheid. Lassen Sie Ihr Mobiliar in unseren <a href=\"http:\/\/www.viennaumzug.at\/umzug\/umzug-beratung\/\">Fachh\u00e4nden<\/a>, damit die Schuldfrage erst gar nicht entsteht. Selbst die Montage und Demontage Ihrer K\u00fcche stellt f\u00fcr Viennaumzugsteam kein Hindernis dar. Sollte an den Anschl\u00fcssen etwas ver\u00e4ndert werden, oder die Arbeitsplatte angepasst werden m\u00fcssen, <a href=\"http:\/\/www.viennaumzug.at\/umzug\/umzug-beratung\/\">organisieren<\/a> wir Ihnen den Fachmann vor Ort am Tag der Entladung.<\/span><\/p>\n<h5><span style=\"color: #ff0000; font-family: arial, helvetica, sans-serif;\">ViennaUmzug \u00a0Service<\/span><\/h5>\n<table class=\"table table-responsive table-striped\">\n<tbody>\n<tr style=\"height: 21px;\">\n<td style=\"height: 21px;\"><span style=\"font-family: arial, helvetica, sans-serif;\"><span style=\"font-family: arial, helvetica, sans-serif;\"><span style=\"font-size: 13.3333px;\"><b>Demontage und Montage von Standardm\u00f6beln\u00a0<\/b><\/span><\/span><\/span><span style=\"color: #808080;\"><em><span style=\"font-family: arial, helvetica, sans-serif;\"><span style=\"font-size: 13.3333px;\"><span style=\"font-size: 10pt; font-family: arial, helvetica, sans-serif;\"><span style=\"font-size: 10pt; font-family: arial, helvetica, sans-serif;\"><span style=\"font-size: 9pt;\">(<\/span><\/span><\/span><span style=\"font-size: 9pt; font-family: arial, helvetica, sans-serif;\">z.B. IKEA Pax Schr\u00e4nke, B\u00e4ten, Sofas uvm.)<\/span><\/span><\/span><\/em><\/span><\/td>\n<td style=\"text-align: right; height: 21px;\"><span style=\"font-family: arial, helvetica, sans-serif;\"><span style=\"font-size: 13.3333px;\"><b>in Preis inkludiert<\/b><\/span><\/span><\/td>\n<\/tr>\n<tr style=\"height: 21px;\">\n<td style=\"height: 21px;\"><span style=\"font-family: arial, helvetica, sans-serif;\"><span style=\"font-size: 13.3333px;\"><b>K\u00fcchen Montage und Demontage<\/b><\/span><\/span><\/td>\n<td style=\"text-align: right; height: 21px;\"><a href=\"http:\/\/www.viennaumzug.at\/umzug\/anfrageumzug\/\"><span style=\"font-family: arial, helvetica, sans-serif;\"><span style=\"font-size: 13.3333px;\"><b>Auf Anfrage<\/b><\/span><\/span><\/a><\/td>\n<\/tr>\n<tr style=\"height: 21.6406px;\">\n<td style=\"height: 21.6406px;\"><span style=\"font-size: 10pt; font-family: arial, helvetica, sans-serif;\"><span style=\"font-size: 10pt; font-family: arial, helvetica, sans-serif;\"><strong>Facharbeiter ( Monteur )\u00a0<\/strong><span style=\"color: #808080;\"><em><span style=\"font-size: 9pt;\">(<\/span><\/em><\/span><\/span><\/span><span style=\"color: #808080;\"><em><span style=\"font-size: 9pt; font-family: arial, helvetica, sans-serif;\">z.B. K\u00fcchenmontage, Designerm\u00f6bel, Tischleranfertigungen, Wandmontagen, Lampenmontage)<\/span><\/em><\/span><\/td>\n<td style=\"text-align: right; height: 21.6406px;\"><span style=\"font-size: 10pt; font-family: arial, helvetica, sans-serif;\"><strong>70\u20ac\/h<\/strong><\/span><\/td>\n<\/tr>\n<tr style=\"height: 21px;\">\n<td style=\"height: 21px;\"><\/td>\n<td style=\"text-align: right; height: 21px;\"><\/td>\n<\/tr>\n<\/tbody>\n<\/table>\n<ul>\n<li><span style=\"font-size: 9pt; font-family: arial, helvetica, sans-serif;\"><strong>*Alle Preise sind\u00a0inkl. 20% MwSt<\/strong><\/span><\/li>\n<li><span style=\"font-size: 9pt; font-family: arial, helvetica, sans-serif;\"><strong>*2 Stunden Mindestbuchungszeit<\/strong><\/span><\/li>\n<\/ul>\n<hr \/>\n<p style=\"text-align: center;\"><div class=\"row\"> <div class=\"col-md-4\">\n<p style=\"text-align: center;\"><a href=\"http:\/\/www.viennaumzug.at\/umzug\/anfrageumzug\/\"><i class=\"icon-envelope-alt\" style=\"font-size:54px; color:#FF0000;\"><\/i><\/a><\/p>\n<p style=\"text-align: center;\">Anfrage<\/p>\n<p style=\"text-align: center;\"><\/div><div class=\"col-md-4\">\n<p style=\"text-align: center;\"><a href=\"http:\/\/www.viennaumzug.at\/umzug\/preisliste-umzug-uebersiedlung\/\"><i class=\"icon-eur\" style=\"font-size:54px; color:#FF0000;\"><\/i><\/a><\/p>\n<p style=\"text-align: center;\">Preise<\/p>\n<p style=\"text-align: center;\"><\/div><div class=\"col-md-4\">\n<p style=\"text-align: center;\"><a href=\"http:\/\/www.viennaumzug.at\/umzug\/verpackungsmaterial-umzug\/\"><i class=\"icon-dropbox\" style=\"font-size:54px; color:#FF0000;\"><\/i><\/a><\/p>\n<p style=\"text-align: center;\">Verpackung<\/p>\n<p style=\"text-align: center;\"><\/div><\/div>\n<hr \/>\n<p style=\"text-align: center;\"><div class=\"row\"> <div class=\"col-md-3\">\n<p style=\"text-align: center;\"><img loading=\"lazy\" class=\"aligncenter size-full wp-image-464\" src=\"http:\/\/www.viennaumzug.at\/umzug\/wp-content\/uploads\/2016\/04\/umzug-wien-demontage-montage.jpg\" alt=\"Demontage und Montage mit dem Umzug\" width=\"370\" height=\"220\" srcset=\"https:\/\/www.viennaumzug.at\/umzug\/wp-content\/uploads\/2016\/04\/umzug-wien-demontage-montage.jpg 370w, https:\/\/www.viennaumzug.at\/umzug\/wp-content\/uploads\/2016\/04\/umzug-wien-demontage-montage-300x178.jpg 300w\" sizes=\"(max-width: 370px) 100vw, 370px\" \/><\/p>\n<p style=\"text-align: center;\"><\/div><div class=\"col-md-3\">\n<p style=\"text-align: center;\"><img loading=\"lazy\" class=\"aligncenter size-full wp-image-465\" src=\"http:\/\/www.viennaumzug.at\/umzug\/wp-content\/uploads\/2016\/04\/umzug-wien-demontage-montage-3.jpg\" alt=\"Mit dem Umzug Demontage und Montage\" width=\"370\" height=\"220\" srcset=\"https:\/\/www.viennaumzug.at\/umzug\/wp-content\/uploads\/2016\/04\/umzug-wien-demontage-montage-3.jpg 370w, https:\/\/www.viennaumzug.at\/umzug\/wp-content\/uploads\/2016\/04\/umzug-wien-demontage-montage-3-300x178.jpg 300w\" sizes=\"(max-width: 370px) 100vw, 370px\" \/><\/p>\n<p style=\"text-align: center;\"><\/div><div class=\"col-md-3\">\n<p style=\"text-align: center;\"><img loading=\"lazy\" class=\"aligncenter size-full wp-image-466\" src=\"http:\/\/www.viennaumzug.at\/umzug\/wp-content\/uploads\/2016\/04\/umzug-wien-demontage-montage-1.jpg\" alt=\"K\u00fcchenmontage Schrank Demontage alles was Sie ben\u00f6tigen f\u00fcr den Umzug\" width=\"370\" height=\"220\" srcset=\"https:\/\/www.viennaumzug.at\/umzug\/wp-content\/uploads\/2016\/04\/umzug-wien-demontage-montage-1.jpg 370w, https:\/\/www.viennaumzug.at\/umzug\/wp-content\/uploads\/2016\/04\/umzug-wien-demontage-montage-1-300x178.jpg 300w\" sizes=\"(max-width: 370px) 100vw, 370px\" \/><\/p>\n<p style=\"text-align: center;\"><\/div><div class=\"col-md-3\">\n<p style=\"text-align: center;\"><img loading=\"lazy\" class=\"aligncenter size-full wp-image-467\" src=\"http:\/\/www.viennaumzug.at\/umzug\/wp-content\/uploads\/2016\/04\/umzug-wien-demontage-montage-2.jpg\" alt=\"Demontage und Montage in Wien\" width=\"370\" height=\"220\" srcset=\"https:\/\/www.viennaumzug.at\/umzug\/wp-content\/uploads\/2016\/04\/umzug-wien-demontage-montage-2.jpg 370w, https:\/\/www.viennaumzug.at\/umzug\/wp-content\/uploads\/2016\/04\/umzug-wien-demontage-montage-2-300x178.jpg 300w\" sizes=\"(max-width: 370px) 100vw, 370px\" \/><\/p>\n<p style=\"text-align: center;\"><\/div><\/div>\n<hr \/>\n<p style=\"text-align: center;\">\n","protected":false},"excerpt":{"rendered":"<p>M\u00f6bel Demontage und Montage. Das wichtigste ist Ruhe und Ordnung! Fachgerechte Montage mit eigenem Haustischler:\u00a0Wir haben uns auf eine fachgerechte Montage und Demontage von K\u00fcchen und M\u00f6beln spezialisiert. Egal, welche Spezial- oder Designerm\u00f6bel wir f\u00fcr Sie transportieren: Unsere Tischler\u00a0bauen alles\u00a0fachgerecht &hellip; <a href=\"https:\/\/www.viennaumzug.at\/umzug\/demontage-und-montage\/\">Weiter<\/a><\/p>\n","protected":false},"author":2,"featured_media":0,"parent":0,"menu_order":0,"comment_status":"closed","ping_status":"closed","template":"page-fullwidth.php","meta":{"kt_blocks_editor_width":""},"featured_image_urls":{"full":"","thumbnail":"","medium":"","medium_large":"","large":"","1536x1536":"","2048x2048":"","widget-thumb":""},"post_excerpt_stackable":"<p>M\u00f6bel Demontage und Montage. Das wichtigste ist Ruhe und Ordnung! Fachgerechte Montage mit eigenem Haustischler:\u00a0Wir haben uns auf eine fachgerechte Montage und Demontage von K\u00fcchen und M\u00f6beln spezialisiert. Egal, welche Spezial- oder Designerm\u00f6bel wir f\u00fcr Sie transportieren: Unsere Tischler\u00a0bauen alles\u00a0fachgerecht ab und wieder auf. Selbstverst\u00e4ndlich holen wir auch Ihre neuen M\u00f6bel vom M\u00f6belhaus ab, bauen diese an ihrem Bestimmungsort auf oder lagern sie auf Wunsch in unseren abschlie\u00dfbaren Lagerr\u00e4umen.\u00a0Wir achten auf schonende\u00a0Verpackung und einen sicheren Transport.\u00a0 Montagearbeiten\u00a0erfolgen mit bester handwerklicher Ausf\u00fchrung zu einem unschlagbar g\u00fcnstigen Preis.\u00a0Der perfekte Umzug inklusive Demontage und Montage beginnt mit der Planung. Die M\u00f6bel selbst werden&hellip;<\/p>\n","category_list":"","author_info":{"name":"ViennaUmzug","url":"https:\/\/www.viennaumzug.at\/umzug\/author\/viennaumzug\/"},"comments_num":"0 comments","featured_image_urls_v2":{"full":"","thumbnail":"","medium":"","medium_large":"","large":"","1536x1536":"","2048x2048":"","widget-thumb":""},"post_excerpt_stackable_v2":"<p>M\u00f6bel Demontage und Montage. Das wichtigste ist Ruhe und Ordnung! Fachgerechte Montage mit eigenem Haustischler:\u00a0Wir haben uns auf eine fachgerechte Montage und Demontage von K\u00fcchen und M\u00f6beln spezialisiert. Egal, welche Spezial- oder Designerm\u00f6bel wir f\u00fcr Sie transportieren: Unsere Tischler\u00a0bauen alles\u00a0fachgerecht ab und wieder auf. Selbstverst\u00e4ndlich holen wir auch Ihre neuen M\u00f6bel vom M\u00f6belhaus ab, bauen diese an ihrem Bestimmungsort auf oder lagern sie auf Wunsch in unseren abschlie\u00dfbaren Lagerr\u00e4umen.\u00a0Wir achten auf schonende\u00a0Verpackung und einen sicheren Transport.\u00a0 Montagearbeiten\u00a0erfolgen mit bester handwerklicher Ausf\u00fchrung zu einem unschlagbar g\u00fcnstigen Preis.\u00a0Der perfekte Umzug inklusive Demontage und Montage beginnt mit der Planung. Die M\u00f6bel selbst werden&hellip;<\/p>\n","category_list_v2":"","author_info_v2":{"name":"ViennaUmzug","url":"https:\/\/www.viennaumzug.at\/umzug\/author\/viennaumzug\/"},"comments_num_v2":"0 comments","amp_enabled":false,"_links":{"self":[{"href":"https:\/\/www.viennaumzug.at\/umzug\/wp-json\/wp\/v2\/pages\/221"}],"collection":[{"href":"https:\/\/www.viennaumzug.at\/umzug\/wp-json\/wp\/v2\/pages"}],"about":[{"href":"https:\/\/www.viennaumzug.at\/umzug\/wp-json\/wp\/v2\/types\/page"}],"author":[{"embeddable":true,"href":"https:\/\/www.viennaumzug.at\/umzug\/wp-json\/wp\/v2\/users\/2"}],"replies":[{"embeddable":true,"href":"https:\/\/www.viennaumzug.at\/umzug\/wp-json\/wp\/v2\/comments?post=221"}],"version-history":[{"count":36,"href":"https:\/\/www.viennaumzug.at\/umzug\/wp-json\/wp\/v2\/pages\/221\/revisions"}],"predecessor-version":[{"id":2346,"href":"https:\/\/www.viennaumzug.at\/umzug\/wp-json\/wp\/v2\/pages\/221\/revisions\/2346"}],"wp:attachment":[{"href":"https:\/\/www.viennaumzug.at\/umzug\/wp-json\/wp\/v2\/media?parent=221"}],"curies":[{"name":"wp","href":"https:\/\/api.w.org\/{rel}","templated":true}]}}